{"id":78,"date":"2019-07-08T16:22:32","date_gmt":"2019-07-08T16:22:32","guid":{"rendered":"http:\/\/wp.viktor-ge.org\/?page_id=78"},"modified":"2019-11-28T13:02:52","modified_gmt":"2019-11-28T12:02:52","slug":"curriculum","status":"publish","type":"page","link":"https:\/\/viktor-ge.org\/?page_id=78","title":{"rendered":"Curriculum"},"content":{"rendered":"<p>[et_pb_section fb_built=&#8220;1&#8243; _builder_version=&#8220;3.25.4&#8243; background_color=&#8220;#606060&#8243; fb_built=&#8220;1&#8243; _i=&#8220;0&#8243; _address=&#8220;0&#8243;][et_pb_row _builder_version=&#8220;3.25.4&#8243; width=&#8220;100%&#8220; max_width=&#8220;2560px&#8220; _i=&#8220;0&#8243; _address=&#8220;0.0&#8243;][et_pb_column type=&#8220;4_4&#8243; _builder_version=&#8220;3.25.4&#8243; _i=&#8220;0&#8243; _address=&#8220;0.0.0&#8243;][et_pb_image src=&#8220;http:\/\/wp.viktor-ge.org\/wp-content\/uploads\/2019\/07\/header1.png&#8220; align=&#8220;center&#8220; _builder_version=&#8220;3.25.4&#8243; _i=&#8220;0&#8243; _address=&#8220;0.0.0.0&#8243;][\/et_pb_image][\/et_pb_column][\/et_pb_row][\/et_pb_section][et_pb_section fb_built=&#8220;1&#8243; _builder_version=&#8220;3.25.4&#8243; background_color=&#8220;#606060&#8243; min_height=&#8220;1047px&#8220; global_module=&#8220;81&#8243; saved_tabs=&#8220;all&#8220; fb_built=&#8220;1&#8243; _i=&#8220;1&#8243; _address=&#8220;1&#8243;][et_pb_row _builder_version=&#8220;3.29.3&#8243; hover_enabled=&#8220;0&#8243; _i=&#8220;0&#8243; _address=&#8220;1.0&#8243;][et_pb_column type=&#8220;4_4&#8243; _builder_version=&#8220;3.29.3&#8243; _i=&#8220;0&#8243; _address=&#8220;1.0.0&#8243;][et_pb_text _builder_version=&#8220;3.29.3&#8243; hover_enabled=&#8220;0&#8243; _i=&#8220;0&#8243; _address=&#8220;1.0.0.0&#8243;]<\/p>\n<h1><span style=\"color: #ffffff;\">GEORG VIKTOR &#8211; Curriculum Vitae<\/span><\/h1>\n<div class=\"csc-textpic-text\">\n<div><\/div>\n<p><span style=\"color: #ffffff;\">\u00a0<\/span><\/p>\n<p><span style=\"color: #ffffff;\">Mitglied im Berufsverband Bildender K\u00fcnstler Rheinland-Pfalz (BBK)<\/span><\/p>\n<p><span style=\"color: #ffffff;\">\u00a0<\/span><\/p>\n<p><span style=\"color: #ffffff;\">\u00a0<\/span><\/p>\n<p><span style=\"color: #ffffff;\">1953 Geb. in Ludwigshafen \/ Rhein<\/span><\/p>\n<p><span style=\"color: #ffffff;\">1976 Staatsexamen an der Staatlichen Hochschule f\u00fcr Musik, Heidelberg &#8211; Mannheim<\/span><\/p>\n<p><span style=\"color: #ffffff;\">1978 private bildhauerische Ausbildung bei Bildhauer und Restaurator Volker Dursy, Ladenburg<\/span><\/p>\n<p><span style=\"color: #ffffff;\">1979 1. Arbeitsaufenthalt und bildhauerische Ausbildung im Studio Ferdinando Palla, Pietrasanta, Italien.<\/span><\/p>\n<p><span style=\"color: #ffffff;\">Wohnt in Pietrasanta und Ludwigshafen<\/span><\/p>\n<p><span style=\"color: #ffffff;\">\u00a0<\/span><\/p>\n<p><span style=\"color: #ffffff;\"><b>AUSSTELLUNGEN<\/b>\u00a0(Auswahl)<\/span><\/p>\n<p><span style=\"color: #ffffff;\"><b>E<\/b>\u00a0= Einzelausstellung<\/span><\/p>\n<p><span style=\"color: #ffffff;\">\u00a0<\/span><\/p>\n<p><span style=\"color: #ffffff;\">2019\u00a0<\/span><\/p>\n<p><span style=\"color: #ffffff;\">Pietrasanta, Toscana, Galleria Intrecciarte<\/span><\/p>\n<p><span style=\"color: #ffffff;\">\u00a0<\/span><\/p>\n<div class=\"\">\n<p><span style=\"color: #ffffff;\">2018<\/span><\/p>\n<p><span style=\"color: #ffffff;\">London, Erotic Art Exhibition London<\/span><\/p>\n<\/div>\n<div class=\"\"><span style=\"color: #ffffff;\">Livorno, SMP21, &#8222;Nuda Pietra\u201c<b class=\"\"> E<\/b><\/span><\/div>\n<div class=\"\">\n<p><span style=\"color: #ffffff;\">Bergdietikon, Galerie Bachlechner \u201eBlau\u201c<\/span><\/p>\n<p><span style=\"color: #ffffff;\">\u00a0<\/span><\/p>\n<\/div>\n<div class=\"\">\n<div class=\"\">\n<p><span style=\"color: #ffffff;\">2017<\/span><\/p>\n<\/div>\n<div class=\"\">\n<p><span style=\"color: #ffffff;\">San Gimignano,Toscana iSculpture Art Gallery &#8222;Nuda Pietra\u201c <b class=\"\">E<\/b><\/span><\/p>\n<p><span style=\"color: #ffffff;\">\u00a0<\/span><\/p>\n<p><span style=\"color: #ffffff;\">2014<\/span><\/p>\n<\/div>\n<\/div>\n<p><span style=\"color: #ffffff;\">Pietrasanta, Art &amp; Design\u00a0<b>E<\/b><\/span><\/p>\n<p><span style=\"color: #ffffff;\">Mannheim, KulturKlub Mittelpunkt, Portraits von Ernst Kolb<\/span><\/p>\n<p><span style=\"color: #ffffff;\">San Gimignano, iSculpture Art Gallery<\/span><\/p>\n<p><span style=\"color: #ffffff;\">Mannheim, Kulturklub Mittelpunkt, &#8222;Mostra di Scultura&#8220;<b>\u00a0E<\/b><\/span><\/p>\n<p><span style=\"color: #ffffff;\">\u00a0<\/span><\/p>\n<p><span style=\"color: #ffffff;\">2013<\/span><\/p>\n<p><span style=\"color: #ffffff;\">Montignoso, Eros\/Arte<\/span><\/p>\n<p><span style=\"color: #ffffff;\">Pietrasanta, La Cava Del Falco, Il Primo Volo<\/span><\/p>\n<p><span style=\"color: #ffffff;\">Montone, Umbria, Triennale Di Scultura<\/span><\/p>\n<p><span style=\"color: #ffffff;\">\u00a0<\/span><\/p>\n<p><span style=\"color: #ffffff;\">2012<\/span><\/p>\n<p><span style=\"color: #ffffff;\">Roveredo, Graub\u00fcnden, Open Art<\/span><\/p>\n<p><span style=\"color: #ffffff;\">Angelbachtal, Kraichgau, Art Vinum\u00a0<b>E<\/b><\/span><\/p>\n<p><span style=\"color: #ffffff;\">Weingut Reichsgraf und Marquis zu Hoensbroech<\/span><\/p>\n<p><span style=\"color: #ffffff;\">\u00a0<\/span><\/p>\n<p><span style=\"color: #ffffff;\">2011<\/span><\/p>\n<p><span style=\"color: #ffffff;\">Heidelberg, Galerie Kunstmassnahmen\u00a0<b>E<\/b><\/span><\/p>\n<p><span style=\"color: #ffffff;\">Roveredo, Graub\u00fcnden, Open Art<\/span><\/p>\n<p><span style=\"color: #ffffff;\">Z\u00fcrich, Ottenbach, Open Art<\/span><\/p>\n<p><span style=\"color: #ffffff;\">\u00a0<\/span><\/p>\n<p><span style=\"color: #ffffff;\">2010<\/span><\/p>\n<p><span style=\"color: #ffffff;\">Z\u00fcrich, Bergdietikon, Galerie Bachlechner<\/span><\/p>\n<p><span style=\"color: #ffffff;\">Bruxelles, Galerie Libertine<\/span><\/p>\n<p><span style=\"color: #ffffff;\">Frankenthal, Pfalz, Open Art<\/span><\/p>\n<p><span style=\"color: #ffffff;\">\u00a0<\/span><\/p>\n<p><span style=\"color: #ffffff;\">2009<\/span><\/p>\n<p><span style=\"color: #ffffff;\">Frankenthal, Pfalz, Open Art<\/span><\/p>\n<p><span style=\"color: #ffffff;\">Stolberg, Rheinland, Steinweggalerie<\/span><\/p>\n<p><span style=\"color: #ffffff;\">\u00a0<\/span><\/p>\n<p><span style=\"color: #ffffff;\"><b><\/b><\/span><\/p>\n<p><span style=\"color: #ffffff;\">2008<\/span><\/p>\n<p><span style=\"color: #ffffff;\"><b><\/b>Leingarten, Heimatmuseum<\/span><\/p>\n<p><span style=\"color: #ffffff;\">Gr\u00fcnstadt, Pfalz, Offene G\u00e4rten<\/span><\/p>\n<p><span style=\"color: #ffffff;\">\u00a0<\/span><\/p>\n<p><span style=\"color: #ffffff;\">2007<\/span><\/p>\n<p><span style=\"color: #ffffff;\">Forte dei Marmi, Galleria Lucii\u00a0<b>E<\/b><\/span><\/p>\n<p><span style=\"color: #ffffff;\">\u00a0<\/span><\/p>\n<p><span style=\"color: #ffffff;\">2006<\/span><\/p>\n<p><span style=\"color: #ffffff;\">Essen, Fetish evolution<\/span><\/p>\n<p><span style=\"color: #ffffff;\">Liege, Galerie d&#8217;Art Extrapole \u201eArtists in the Boudoir\u201c<\/span><\/p>\n<p><span style=\"color: #ffffff;\">Carrara, Mostra Erotismo<\/span><\/p>\n<p><span style=\"color: #ffffff;\">\u00a0<\/span><\/p>\n<p><span style=\"color: #ffffff;\">2005<\/span><\/p>\n<p><span style=\"color: #ffffff;\">Berlin, Fetish Event,<\/span><\/p>\n<p><span style=\"color: #ffffff;\">Frankenthal, Pfalz Open Art Festival<\/span><\/p>\n<p><span style=\"color: #ffffff;\"><b><\/b>Antwerpen, De Va et Vient Galerie \u201eArtists in the Boudoir\u201c<\/span><\/p>\n<p><span style=\"color: #ffffff;\">\u00a0<\/span><\/p>\n<p><span style=\"color: #ffffff;\">2004<\/span><\/p>\n<p><span style=\"color: #ffffff;\">Nieuwegein \/ Utrecht , Art &amp; Cultur<\/span><\/p>\n<p><span style=\"color: #ffffff;\">Berlin , Fetish Event<\/span><\/p>\n<p><span style=\"color: #ffffff;\">D\u00fcsseldorf , ,Highligts\u00a0<b>E<\/b><\/span><\/p>\n<p><span style=\"color: #ffffff;\">Stuttgart, Galerie Saby Lazi\u00a0<b>E<\/b><\/span><\/p>\n<p><span style=\"color: #ffffff;\">\u00a0<\/span><\/p>\n<p><span style=\"color: #ffffff;\">2003<\/span><\/p>\n<p><span style=\"color: #ffffff;\">Pietrasanta, H-ART<\/span><\/p>\n<p><span style=\"color: #ffffff;\"><b><\/b>Frankfurt, Galerie 654<\/span><\/p>\n<p><span style=\"color: #ffffff;\">\u00a0<\/span><\/p>\n<p><span style=\"color: #ffffff;\">2002<\/span><\/p>\n<p><span style=\"color: #ffffff;\">Trier, Galerie Maisenbacher\u00a0<b>E<\/b><\/span><\/p>\n<p><span style=\"color: #ffffff;\">\u00a0<\/span><\/p>\n<p><span style=\"color: #ffffff;\">2001<\/span><\/p>\n<p><span style=\"color: #ffffff;\">Bruxelles, Les Pyramides<br \/> Mainz, BBK Galerie, &#8222;E wie Erotik&#8220;<\/span><\/p>\n<p><span style=\"color: #ffffff;\">\u00a0<\/span><\/p>\n<p><span style=\"color: #ffffff;\">2000<\/span><\/p>\n<p><span style=\"color: #ffffff;\">Trier, Galerie Maisenbacher Signiert 2000&#8243;<br \/> Firenze , Galleria Pananti<br \/> Schwetzingen, Galerie im Weldeturm \u201eFetisch&#8220;<\/span><\/p>\n<p><span style=\"color: #ffffff;\">\u00a0<\/span><\/p>\n<p><span style=\"color: #ffffff;\">1999<\/span><\/p>\n<p><span style=\"color: #ffffff;\">K\u00f6ln, Galerie ON<\/span><\/p>\n<p><span style=\"color: #ffffff;\">K\u00f6ln, Art Bizarre<\/span><\/p>\n<p><span style=\"color: #ffffff;\">Pietrasanta, Vivi Arte\u00a0<b>E<\/b><\/span><\/p>\n<p><span style=\"color: #ffffff;\">\u00a0<\/span><\/p>\n<p><span style=\"color: #ffffff;\">1998<\/span><\/p>\n<p><span style=\"color: #ffffff;\">Speyer, Pleiad Galerie<\/span><\/p>\n<p><span style=\"color: #ffffff;\">Schwetzingen, Galerie im Turm\u00a0<b>E<\/b><\/span><\/p>\n<p><span style=\"color: #ffffff;\"><i><\/i>Gent ( Belgien ), Lineart, Galerie Maisenbacher,Trier<\/span><\/p>\n<p><span style=\"color: #ffffff;\"><b><\/b>Nizza, Art Jonction<\/span><\/p>\n<p><span style=\"color: #ffffff;\"><b><\/b>Strasbourg, Start<\/span><\/p>\n<p><span style=\"color: #ffffff;\">\u00a0<\/span><\/p>\n<p><span style=\"color: #ffffff;\">1997<\/span><\/p>\n<p><span style=\"color: #ffffff;\">Art Frankfurt, Galerie Markus Nohn, Trier<\/span><\/p>\n<p><span style=\"color: #ffffff;\">Massa ( Italien ), Il Bottaccio, Relais-Chateaux\u00a0<b>E<\/b><\/span><\/p>\n<p><span style=\"color: #ffffff;\">Bonn, Galerie Hansen<\/span><\/p>\n<p><span style=\"color: #ffffff;\">Mannheim, Galerie Ressmann<\/span><\/p>\n<p><span style=\"color: #ffffff;\"><b><\/b>K\u00f6ln, Kunsthaus K\u00f6ln<\/span><\/p>\n<p><span style=\"color: #ffffff;\">\u00a0<\/span><\/p>\n<p><span style=\"color: #ffffff;\">1996<\/span><\/p>\n<p><span style=\"color: #ffffff;\">Mannheim, Objektform\u00a0<b>E<br \/> <\/b>Berlin, Erotik-Museum Beate Uhse ( Ankauf )<\/span><\/p>\n<p><span style=\"color: #ffffff;\">Pietrasanta ( Italien ), Centro Culturale Luigi Russo \u201eSfidando l&#8217;Arte facile\u201c<\/span><\/p>\n<p><span style=\"color: #ffffff;\">Wien, Galerie Kunstst\u00fccke<\/span><\/p>\n<p><span style=\"color: #ffffff;\">New York, Louis K. Meisel Gallery \u201eThe Great American Pin-ups\u201c<\/span><\/p>\n<p><span style=\"color: #ffffff;\">\u00a0<\/span><\/p>\n<p><span style=\"color: #ffffff;\">1995<\/span><\/p>\n<p><span style=\"color: #ffffff;\">M\u00fcnchen\/Olching, Galerie Rozmarin<\/span><\/p>\n<p><span style=\"color: #ffffff;\">Berlin, Bildhauergalerie Messer-Ladwig\u00a0<b>E<\/b><\/span><\/p>\n<p><span style=\"color: #ffffff;\">Pietrasanta ( Italien ), Museo dei Bozzetti \u201e\u0415xhibition of Contemporary Sculture\u201c<\/span><\/p>\n<p><span style=\"color: #ffffff;\">Wien, Galerie Kunstst\u00fccke<\/span><\/p>\n<p><span style=\"color: #ffffff;\">K\u00f6ln, Kunsthandlung Osper<\/span><\/p>\n<p><span style=\"color: #ffffff;\">Frankfurt, Galerie Wild<\/span><\/p>\n<p><span style=\"color: #ffffff;\">\u00a0<\/span><\/p>\n<p><span style=\"color: #ffffff;\">1994<\/span><\/p>\n<p><span style=\"color: #ffffff;\">Pietrasanta ( Italien ), Museo dei Bozzetti ( Ankauf )<\/span><\/p>\n<p><span style=\"color: #ffffff;\">Pietrasanta ( Italien ), Comune di Pietrasanta \u201eLe Forme del Mare\u201c<\/span><\/p>\n<p><span style=\"color: #ffffff;\">Berlin, Bildhauergalerie Messer-Ladwig \u201e\u041aOPF-LOS, Prinzip Torso\u201c<\/span><\/p>\n<p><span style=\"color: #ffffff;\">K\u00f6ln, Kunst Kabinett K\u00f6ln \u201eVariationen \u00fcber das Thema\u201c<i>\u00a0<\/i><b>E<\/b><i><\/i><\/span><\/p>\n<p><span style=\"color: #ffffff;\">\u00a0<\/span><\/p>\n<p><span style=\"color: #ffffff;\">1993<\/span><\/p>\n<p><span style=\"color: #ffffff;\">M\u00fcnchen, Gem\u00e4lde Cabinett Unger \u201eDer Akt in der Kunst \/ Erotik in der Kunst\u201c<\/span><\/p>\n<p><span style=\"color: #ffffff;\">St. Tropez, Galerie Jean Marie Cupillard\u00a0<b>E<\/b><\/span><\/p>\n<p><span style=\"color: #ffffff;\">\u00a0<\/span><\/p>\n<p><span style=\"color: #ffffff;\">1992<\/span><\/p>\n<p><span style=\"color: #ffffff;\">M\u00fcnchen, Galerie Meneghello \u201eZwei Jahre in Bogenhausen\u201c<i><\/i><\/span><\/p>\n<p><span style=\"color: #ffffff;\">K\u00f6ln, Kunst Kabinett K\u00f6ln\u00a0<b>E<\/b><\/span><\/p>\n<p><span style=\"color: #ffffff;\">M\u00fcnchen \/ Olching, Galerie Rozmarin \u201eZeitgen\u00f6ssischer Akt\u201c<\/span><\/p>\n<p><span style=\"color: #ffffff;\">\u00a0<\/span><\/p>\n<p><span style=\"color: #ffffff;\">1991<\/span><\/p>\n<p><span style=\"color: #ffffff;\">Charleville-M\u00e9zi\u00e8res ( Frankreich ), Mus\u00e9e Rimbaud,\u00a0<i>Rimbaud &#8211; Lautre Visage\u201c<\/i><\/span><\/p>\n<p><span style=\"color: #ffffff;\"><i><\/i>Esch-sur-Alzette ( Frankreich )\u00a0<i>\u201e<\/i>\u00a0<i>Artur Rimbaud &#8211; Lautre Visage\u201c<\/i><\/span><\/p>\n<p><span style=\"color: #ffffff;\">Worpswede, Galerie Bollhagen\u00a0<b>E<\/b><\/span><\/p>\n<p><span style=\"color: #ffffff;\">M\u00fcnchen, Galerie Meneghello\u00a0<b>E<\/b><\/span><\/p>\n<p><span style=\"color: #ffffff;\">St. Tropez, Galerie Jean Marie Cupillard\u00a0<b>E<\/b><\/span><\/p>\n<p><span style=\"color: #ffffff;\"><i><\/i>N\u00fcrnberg, Art N\u00fcrnberg M\u00fcnchen, Galerie Meneghello \u201eSkin- Soul-Spirit\u201c<\/span><\/p>\n<p><span style=\"color: #ffffff;\">\u00a0<\/span><\/p>\n<p><span style=\"color: #ffffff;\">1990<\/span><\/p>\n<p><span style=\"color: #ffffff;\">K\u00f6ln, Kunst Kabinett K\u00f6ln\u00a0\u201e\u0415ros ist frei\u201c<\/span><\/p>\n<p><span style=\"color: #ffffff;\">St. Tropez, Galerie Jean Marie Cupillard<\/span><\/p>\n<p><span style=\"color: #ffffff;\">K\u00f6ln, Kunst Kabinett K\u00f6ln\u00a0<b>E<\/b><\/span><\/p>\n<p><span style=\"color: #ffffff;\">M\u00fcnchen, Galerie Meneghello \u201eJahrmarkt der Sinne\u201c<\/span><\/p>\n<p><span style=\"color: #ffffff;\">\u00a0<\/span><\/p>\n<p><span style=\"color: #ffffff;\">1989<\/span><\/p>\n<p><span style=\"color: #ffffff;\">Caldas da Rainha ( Portugal ), Museu Antonio Duarte, Int. Bienale f\u00fcr Skulptur<\/span><\/p>\n<p><span style=\"color: #ffffff;\">K\u00f6ln, Kunst Kabinett K\u00f6ln\u00a0<b>E<\/b><\/span><\/p>\n<p><span style=\"color: #ffffff;\">Frankfurt, Galerie Gr\u00fcner Panther\u00a0<b>E<\/b><\/span><\/p>\n<p><span style=\"color: #ffffff;\">\u00a0<\/span><\/p>\n<p><span style=\"color: #ffffff;\">1988<\/span><\/p>\n<p><span style=\"color: #ffffff;\">Grenoble, Galerie Jean Marie Cupillard St. Tropez, Galerie Jean Marie Cupillard<\/span><\/p>\n<p><span style=\"color: #ffffff;\">\u00a0<\/span><\/p>\n<p><span style=\"color: #ffffff;\">1987<\/span><\/p>\n<p><span style=\"color: #ffffff;\">Castellanza ( Milano ), Int. Bienale f\u00fcr Kleinplastik<\/span><\/p>\n<p><span style=\"color: #ffffff;\">Ludwigshafen , Kunstverein \u201eJunge Rheinland-Pf\u00e4lzer K\u00fcnstler\u201c<\/span><\/p>\n<p><span style=\"color: #ffffff;\">Rhodt u. Rietburg , Galerie im Herreng\u00e4ssel<br \/> <b><\/b>Frankfurt, Galerie Gr\u00fcner Panther\u00a0<b>E<\/b><\/span><\/p>\n<p><span style=\"color: #ffffff;\">Frankenthal, Galerie Alte Gutselfabrik<\/span><\/p>\n<p><span style=\"color: #ffffff;\">\u00a0<\/span><\/p>\n<p><span style=\"color: #ffffff;\">1986<\/span><\/p>\n<p><span style=\"color: #ffffff;\">Landau, Villa Streccius<\/span><\/p>\n<p><span style=\"color: #ffffff;\">Weinheim, Galerie Apocalypso\u00a0<b>E<\/b><\/span><\/p>\n<p><span style=\"color: #ffffff;\">Kaiserslautern, Pfalzgalerie<\/span><\/p>\n<p><span style=\"color: #ffffff;\">\u00a0<\/span><\/p>\n<p><span style=\"color: #ffffff;\">1984<\/span><\/p>\n<p><span style=\"color: #ffffff;\">Kronberg, Taunus, Galerie Satyra<\/span><\/p>\n<p><span style=\"color: #ffffff;\">\u00a0<\/span><\/p>\n<p><span style=\"color: #ffffff;\">1983<\/span><\/p>\n<p><span style=\"color: #ffffff;\">Speyer, Galerie Eins<b>\u00a0E<\/b><\/span><\/p>\n<p><span style=\"color: #ffffff;\">Kunstverein Mannheim, Neustadt, Sinsheim, Frankenthal, Worms, \u201eWanderausstellung Kurpfalz\u201c<\/span><\/p>\n<p><span style=\"color: #ffffff;\">\u00a0<\/span><\/p>\n<p><span style=\"color: #ffffff;\">1982<\/span><\/p>\n<p><span style=\"color: #ffffff;\">D\u00fcsseldorf, Gro\u00dfe D\u00fcsseldorfer Kunstausstellung, Kunstpalast<\/span><\/p>\n<p><span style=\"color: #ffffff;\">Worms, Galerie Gransche\u00a0<b>E<\/b><\/span><\/p>\n<p><span style=\"color: #ffffff;\">\u00a0<\/span><\/p>\n<p><span style=\"color: #ffffff;\">1981<\/span><\/p>\n<p><span style=\"color: #ffffff;\">Ludwigshafen, Kunstverein \u201eJunge Rheinland-Pf\u00e4zer K\u00fcnstler\u201c<\/span><\/p>\n<p><span style=\"color: #ffffff;\">\u00a0<\/span><\/p>\n<p><span style=\"color: #ffffff;\">1979<\/span><\/p>\n<p><span style=\"color: #ffffff;\">Ludwigshafen, F\u00f6rderpreis f\u00fcr junge K\u00fcnstler (Preistr\u00e4ger)<\/span><\/p>\n<p><span style=\"color: #ffffff;\">\u00a0<\/span><\/p>\n<p><span style=\"color: #ffffff;\">1978<b><\/b><\/span><\/p>\n<p><span style=\"color: #ffffff;\"><b><\/b>Esslingen, Galerie Qualerie, mit Gruppe Pegasus<\/span><\/p>\n<p><span style=\"color: #ffffff;\">Pirmasens, Wasgauhalle, mit Gruppe Pegasus<\/span><\/p>\n<p><span style=\"color: #ffffff;\">\u00a0<\/span><\/p>\n<p><span style=\"color: #ffffff;\">\u00a0<\/span><\/p>\n<p><span style=\"color: #ffffff;\">\u00a0<\/span><\/p>\n<p><span style=\"color: #ffffff;\"><b>SYMPOSIEN, KUNSTWERKE IM \u00d6FFENTLICHEN RAUM<\/b><\/span><\/p>\n<p><span style=\"color: #ffffff;\">\u00a0<\/span><\/p>\n<p><span style=\"color: #ffffff;\">\u00a0<\/span><\/p>\n<p><span style=\"color: #ffffff;\">1981 III. Simposio Internazionale di Scultura, Carrara, I<\/span><\/p>\n<p><span style=\"color: #ffffff;\">\u00a0<\/span><\/p>\n<p><span style=\"color: #ffffff;\">1985 VII. Simposio Internazionale di Scultura, Carrara, I<\/span><\/p>\n<p><span style=\"color: #ffffff;\">( 1. Preistr\u00e4ger )<\/span><\/p>\n<p><span style=\"color: #ffffff;\">\u00a0<\/span><\/p>\n<p><span style=\"color: #ffffff;\">1986 II. Internationales Bildhauersymposium , Durbach, Schwarzwald<\/span><\/p>\n<p><span style=\"color: #ffffff;\">\u00a0<\/span><\/p>\n<p><span style=\"color: #ffffff;\">1987 IIIe Simposium International de Sculpture, Digne les Bains, F<\/span><\/p>\n<p><span style=\"color: #ffffff;\">\u00a0<\/span><\/p>\n<p><span style=\"color: #ffffff;\">1998 Kunst am Bau, Goldbergschule Osthofen<\/span><\/p>\n<p><span style=\"color: #ffffff;\">\u00a0<\/span><\/p>\n<p><span style=\"color: #ffffff;\">2002 III. Simposio Internazionale di Scultura Campomaggiore, Potenza I<\/span><\/p>\n<p><span style=\"color: #ffffff;\">\u00a0<\/span><\/p>\n<p><span style=\"color: #ffffff;\">2006 Simposium International de Sculpture \u201eLes Produits du Terroir\u201c Senas, Provence, F<\/span><\/p>\n<p><span style=\"color: #ffffff;\">\u00a0<\/span><\/p>\n<p><span style=\"color: #ffffff;\">2007 Simposium de la Pierre Le Printems des SculpteursOpp\u00e8de, Provence, F<\/span><\/p>\n<p><span style=\"color: #ffffff;\">\u00a0<\/span><\/p>\n<p><span style=\"color: #ffffff;\">2008 Internationales Bildhauersymposium \u201eKunst Raum Kreisel\u201c Leingarten, Heilbronn<\/span><\/p>\n<p><span style=\"color: #ffffff;\">\u00a0<\/span><\/p>\n<p><span style=\"color: #ffffff;\">2010 Kunst am Bau, Bahnhofsplatz Osthofen<\/span><\/p>\n<\/div>\n<p>[\/et_pb_text][\/et_pb_column][\/et_pb_row][\/et_pb_section]<\/p>\n","protected":false},"excerpt":{"rendered":"<p>GEORG VIKTOR &#8211; Curriculum Vitae \u00a0 Mitglied im Berufsverband Bildender K\u00fcnstler Rheinland-Pfalz (BBK) \u00a0 \u00a0 1953 Geb. in Ludwigshafen \/ Rhein 1976 Staatsexamen an der Staatlichen Hochschule f\u00fcr Musik, Heidelberg &#8211; Mannheim 1978 private bildhauerische Ausbildung bei Bildhauer und Restaurator Volker Dursy, Ladenburg 1979 1. Arbeitsaufenthalt und bildhauerische Ausbildung im Studio Ferdinando Palla, Pietrasanta, Italien. [&hellip;]<\/p>\n","protected":false},"author":1,"featured_media":0,"parent":0,"menu_order":0,"comment_status":"closed","ping_status":"closed","template":"","meta":{"_et_pb_use_builder":"on","_et_pb_old_content":"","_et_gb_content_width":"","footnotes":""},"class_list":["post-78","page","type-page","status-publish","hentry"],"_links":{"self":[{"href":"https:\/\/viktor-ge.org\/index.php?rest_route=\/wp\/v2\/pages\/78"}],"collection":[{"href":"https:\/\/viktor-ge.org\/index.php?rest_route=\/wp\/v2\/pages"}],"about":[{"href":"https:\/\/viktor-ge.org\/index.php?rest_route=\/wp\/v2\/types\/page"}],"author":[{"embeddable":true,"href":"https:\/\/viktor-ge.org\/index.php?rest_route=\/wp\/v2\/users\/1"}],"replies":[{"embeddable":true,"href":"https:\/\/viktor-ge.org\/index.php?rest_route=%2Fwp%2Fv2%2Fcomments&post=78"}],"version-history":[{"count":21,"href":"https:\/\/viktor-ge.org\/index.php?rest_route=\/wp\/v2\/pages\/78\/revisions"}],"predecessor-version":[{"id":976,"href":"https:\/\/viktor-ge.org\/index.php?rest_route=\/wp\/v2\/pages\/78\/revisions\/976"}],"wp:attachment":[{"href":"https:\/\/viktor-ge.org\/index.php?rest_route=%2Fwp%2Fv2%2Fmedia&parent=78"}],"curies":[{"name":"wp","href":"https:\/\/api.w.org\/{rel}","templated":true}]}}